{"id":1472,"date":"2016-09-15T06:36:04","date_gmt":"2016-09-15T06:36:04","guid":{"rendered":"http:\/\/cirugiaplasticagallega.es\/portal\/?page_id=1472"},"modified":"2016-09-29T01:40:01","modified_gmt":"2016-09-28T23:40:01","slug":"que-hacemos","status":"publish","type":"page","link":"https:\/\/cirugiaplasticagallega.es\/portal\/que-hacemos\/","title":{"rendered":"\u00bfqu\u00e9 hacemos?"},"content":{"rendered":"<h1>\u00bfQu\u00e9 hacemos en la SGCPRE?<\/h1>\n<p>La Cirug\u00eda Pl\u00e1stica, Reparadora y Est\u00e9tica es una rama de la Cirug\u00eda que se ocupa de la correcci\u00f3n de todo proceso cong\u00e9nito, adquirido, tumoral o simplemente involutivo, que requiera reparaci\u00f3n o reposici\u00f3n de estructuras, o que afecte a la forma y\/o funci\u00f3n corporal. No presenta, por tanto, la asignaci\u00f3n de un territorio anat\u00f3mico concreto a diferencia del resto de especialidades quir\u00fargicas. Este es un hecho diferencia: la Cirug\u00eda Pl\u00e1stica es m\u00e1s una filosof\u00eda, una forma de entender y tratar la anatom\u00eda manteniendo criterios de proporcionalidad y par\u00e1metros est\u00e9ticos.<\/p>\n<p><strong>La Cirug\u00eda Pl\u00e1stica Reparadora<\/strong> procura restaurar o mejorar la funci\u00f3n y el aspecto f\u00edsico en las lesiones causadas por accidentes, quemaduras, anomal\u00edas cong\u00e9nitas, enfermedades y tumores de la piel y tejidos de sost\u00e9n.<\/p>\n<p><strong>La Cirug\u00eda Pl\u00e1stica Est\u00e9tica<\/strong>, en cambio, trata con pacientes frecuentemente sanos y, su objeto es la correcci\u00f3n de alteraciones de la norma est\u00e9tica con la finalidad de obtener una mayor armon\u00eda facial y corporal o de las secuelas producidas por el envejecimiento. Ello repercute en una mayor estabilidad emocional y de la autoestima, mejorando la calidad de vida a trav\u00e9s de las relaciones profesionales, afectivas, etc.<\/p>\n<p>La Cirug\u00eda Est\u00e9tica es una de las facetas m\u00e1s conocidas de la Cirug\u00eda Pl\u00e1stica. Hoy en d\u00eda ha dejado de ser un privilegio de unos pocos para convertirse en una cirug\u00eda que se practica a un amplio grupo de personas con independencia de su profesi\u00f3n o nivel socio-econ\u00f3mico. Una encuesta reciente ha revelado que el 99% de las mujeres y el 94% de los hombres mejorar\u00edan su aspecto si pudieran. Con las modernas t\u00e9cnicas quir\u00fargicas y anest\u00e9sicas y los magn\u00edficos resultados obtenidos, la popularidad de la Cirug\u00eda Pl\u00e1stica y Est\u00e9tica se ha incrementado r\u00e1pidamente, efectu\u00e1ndose en la actualidad m\u00e1s de un mill\u00f3n de operaciones anuales en todo el mundo.<\/p>\n<p>Podemos, por tanto, definir campos de actuaci\u00f3n m\u00e1s espec\u00edficos de la Cirug\u00eda Pl\u00e1stica entre los que se encuentran los siguientes:<\/p>\n<ul>\n<li style=\"padding-left: 60px;\">Tratamiento quir\u00fargico de las malformaciones cong\u00e9nitas externas de la regi\u00f3n cr\u00e1neo-cervico-facial, genito-urinarias, mano, etc.<\/li>\n<li style=\"padding-left: 60px;\">Tratamiento quir\u00fargico de los tumores y de todas aquellas regiones en las que sea necesaria la reconstrucci\u00f3n por plastias o injertos.<\/li>\n<li style=\"padding-left: 60px;\">Quemaduras y sus secuelas.<\/li>\n<li style=\"padding-left: 60px;\">Reconstrucci\u00f3n de tejidos blandos en todas las regiones.<\/li>\n<li style=\"padding-left: 60px;\">Cirug\u00eda de la mano y reimplantes.<\/li>\n<li style=\"padding-left: 60px;\">Traumatolog\u00eda craneofacial.<\/li>\n<li style=\"padding-left: 60px;\">Cirug\u00eda funcional de la par\u00e1lisis (facial, plexos\u2026).<\/li>\n<li style=\"padding-left: 60px;\">Cirug\u00eda est\u00e9tica.<\/li>\n<\/ul>\n<p>En Espa\u00f1a, para ejercer cualquier actividad quir\u00fargica hay que estar en posesi\u00f3n del correspondiente t\u00edtulo de Especialista. Se precisa de unos estudios de postgrado para alcanzar el nivel de conocimientos y experiencia necesaria para ejercer como Cirujano Pl\u00e1stico. Al final de este periodo adicional de formaci\u00f3n, el Licenciado en Medicina y Cirug\u00eda, obtiene el t\u00edtulo de Especialista. En el caso de la Cirug\u00eda Pl\u00e1stica, Reparadora y Est\u00e9tica se requieren cinco a\u00f1os de M\u00e9dico Interno Residente (M.I.R.) en un Hospital acreditado. Los m\u00e9dicos que acreditan estar en posesi\u00f3n del T\u00edtulo de Especialista en Cirug\u00eda Pl\u00e1stica, Reparadora y Est\u00e9tica tienen la formaci\u00f3n profesional que proporciona al paciente la suficiente seguridad y una \u00f3ptima calidad asistencial. La especialidad de Cirug\u00eda Est\u00e9tica como tal no existe, al igual que no existe el cirujano est\u00e9tico; s\u00f3lo el Cirujano Pl\u00e1stico est\u00e1 avalado oficialmente para la realizaci\u00f3n de la Cirug\u00eda Est\u00e9tica.<\/p>\n<p>El cambio de denominaci\u00f3n de la especialidad a Cirug\u00eda Pl\u00e1stica, Reparadora y Est\u00e9tica, fue legislado en Febrero de 2003 por el Ministerio de Educaci\u00f3n para igualar esta titulaci\u00f3n a la de otros pa\u00edses de la Uni\u00f3n Europea y regular tanto el ejercicio de la Cirug\u00eda Reparadora como el de la Cirug\u00eda Est\u00e9tica. Este cambio supone una defensa legal de enorme valor contra el intrusismo, lo cual ya se ha visto reflejado en el Tribunal Supremo, en la que se condena la pr\u00e1ctica de la Cirug\u00eda Est\u00e9tica fuera del \u00e1mbito de nuestra especialidad. S\u00f3lo los miembros de la S.G.C.P.R.E. est\u00e1n autorizados a utilizar su logo, que es s\u00edmbolo de excelencia en Cirug\u00eda Pl\u00e1stica, Reparadora y Est\u00e9tica.<\/p>\n","protected":false},"excerpt":{"rendered":"<p>\u00bfQu\u00e9 hacemos en la SGCPRE? La Cirug\u00eda Pl\u00e1stica, Reparadora y Est\u00e9tica es una rama de la Cirug\u00eda que se ocupa de la correcci\u00f3n de todo proceso cong\u00e9nito, adquirido, tumoral o simplemente involutivo, que requiera reparaci\u00f3n o reposici\u00f3n de estructuras, o que afecte a la forma y\/o funci\u00f3n corporal. No presenta, por tanto, la asignaci\u00f3n de &#8230;<\/p>\n","protected":false},"author":1,"featured_media":1883,"parent":0,"menu_order":0,"comment_status":"closed","ping_status":"closed","template":"page-templates\/full-width.php","meta":{"jetpack_post_was_ever_published":false},"jetpack_sharing_enabled":true,"jetpack_shortlink":"https:\/\/wp.me\/P7TP32-nK","jetpack-related-posts":[{"id":1523,"url":"https:\/\/cirugiaplasticagallega.es\/portal\/hospitales\/","url_meta":{"origin":1472,"position":0},"title":"Hospitales","date":"22 septiembre, 2016","format":false,"excerpt":"Hospitales \u00bfQu\u00e9 intervenciones de Cirug\u00eda Pl\u00e1stica se realizan en los hospitales de la Seguridad Social? El SERGAS sufraga intervenciones de Cirug\u00eda Pl\u00e1stica y Reparadora, pero no procesos de Cirug\u00eda Est\u00e9tica. La Cirug\u00eda Est\u00e9tica, a diferencia de la Cirug\u00eda Reparadora, no est\u00e1 incluida en el cat\u00e1logo de prestaciones de la Seguridad\u2026","rel":"","context":"Entrada similar","img":{"alt_text":"","src":"https:\/\/i0.wp.com\/cirugiaplasticagallega.es\/portal\/wp-content\/uploads\/2016\/09\/hospitales.jpg?resize=350%2C200&ssl=1","width":350,"height":200},"classes":[]},{"id":1469,"url":"https:\/\/cirugiaplasticagallega.es\/portal\/cirugia-plastica-y-reparadora\/","url_meta":{"origin":1472,"position":1},"title":"Cirug\u00eda Pl\u00e1stica y Reparadora","date":"15 septiembre, 2016","format":false,"excerpt":"La Cirug\u00eda Pl\u00e1stica y Reparadora El Cirujano Pl\u00e1stico, Reparador y Est\u00e9tico es un Licenciado en Medicina y Cirug\u00eda (6 a\u00f1os) que supera un examen-oposici\u00f3n a nivel nacional para obtener un puesto con la debida formaci\u00f3n pr\u00e1ctica durante 5 a\u00f1os de especializaci\u00f3n en un Hospital acreditado v\u00eda M.I.R., que realiza intervenciones\u2026","rel":"","context":"Entrada similar","img":{"alt_text":"","src":"https:\/\/i0.wp.com\/cirugiaplasticagallega.es\/portal\/wp-content\/uploads\/2016\/09\/cirugiareparadora.jpg?resize=350%2C200&ssl=1","width":350,"height":200},"classes":[]},{"id":2565,"url":"https:\/\/cirugiaplasticagallega.es\/portal\/xxxv-reunion-sociedad-gallega-de-cirugia-plastica-reparadora-y-estetica\/","url_meta":{"origin":1472,"position":2},"title":"XXXV Reunio\u0301n Sociedad Gallega de  Cirugi\u0301a Pla\u0301stica Reparadora y Este\u0301tica","date":"2 noviembre, 2021","format":false,"excerpt":"","rel":"","context":"Entrada similar","img":{"alt_text":"","src":"https:\/\/i0.wp.com\/cirugiaplasticagallega.es\/portal\/wp-content\/uploads\/2021\/11\/22063scr_94c9dd695a88e5d.jpeg?resize=350%2C200&ssl=1","width":350,"height":200},"classes":[]},{"id":1519,"url":"https:\/\/cirugiaplasticagallega.es\/portal\/historia\/","url_meta":{"origin":1472,"position":3},"title":"Historia","date":"22 septiembre, 2016","format":false,"excerpt":"La Sociedad Gallega de Cirug\u00eda Pl\u00e1stica, Reparadora y Est\u00e9tica (SGCPRE) es una Sociedad M\u00e9dica y Cient\u00edfica constituida en el a\u00f1o 1987. El principal objetivo de la sociedad es mejorar la calidad de asistencia incidiendo en la formaci\u00f3n, la \u00e9tica profesional, la pr\u00e1ctica cl\u00ednica y la investigaci\u00f3n en el terreno de\u2026","rel":"","context":"Entrada similar","img":{"alt_text":"","src":"https:\/\/i0.wp.com\/cirugiaplasticagallega.es\/portal\/wp-content\/uploads\/2016\/09\/Imagen-final-historia.jpg?resize=350%2C200&ssl=1","width":350,"height":200},"classes":[]},{"id":2071,"url":"https:\/\/cirugiaplasticagallega.es\/portal\/dr-juan-ramon-sanz-gimenez-rico\/","url_meta":{"origin":1472,"position":4},"title":"Dr. Juan Ram\u00f3n Sanz Gim\u00e9nez-Rico","date":"26 abril, 2017","format":false,"excerpt":"Dr. Juan Ram\u00f3n Sanz Gim\u00e9nez-Rico\u00a0 Provincias de actuaci\u00f3n :\u00a0Santander y Valladolid. Correo Electr\u00f3nico\u00a0: informacion@plasticadrsanz.com P\u00e1gina Web : www.plasticadrsanz.com Tel\u00e9fonos y datos de contacto por sede : SANTANDER (CANTABRIA) Tel\u00e9fono: 942 037 404 WhatsApp: (+34) 666 00 77 77 Direcci\u00f3n: C\/ Calvo Sotelo 17, 1\u00ba \u2013 39002 Santander Email: informacion@plasticadrsanz.com VALLADOLID\u2026","rel":"","context":"Entrada similar","img":{"alt_text":"","src":"https:\/\/i0.wp.com\/cirugiaplasticagallega.es\/portal\/wp-content\/uploads\/2017\/03\/Localiza-tu-medico.jpg?resize=350%2C200&ssl=1","width":350,"height":200},"classes":[]},{"id":2035,"url":"https:\/\/cirugiaplasticagallega.es\/portal\/dr-ivan-couto-gonzalez\/","url_meta":{"origin":1472,"position":5},"title":"Dr. Iv\u00e1n Couto Gonz\u00e1lez","date":"24 abril, 2017","format":false,"excerpt":"Dr. Iv\u00e1n Couto Gonz\u00e1lez Provincias de actuaci\u00f3n : La Coru\u00f1a Correo Electr\u00f3nico\u00a0:\u00a0ivan.couto.gonzalez@sergas.es P\u00e1gina Web :\u00a0www.cirugiaplasticasantiago.com Tel\u00e9fono Profesional :\u00a098951828 Direcci\u00f3n de la consulta\/s\u00a0: \u00a0Servicio de Cirug\u00eda Pl\u00e1stica y Reparadora , Hospital de Conxo\u00a0-\u00a0Complexo Hospitalario Universitario de Santiago de Compostela , Calle\u00a0Ram\u00f3n Baltar S\/N - 15706 Santiago de Compostela (A Coru\u00f1a) Breve\u2026","rel":"","context":"Entrada similar","img":{"alt_text":"","src":"https:\/\/i0.wp.com\/cirugiaplasticagallega.es\/portal\/wp-content\/uploads\/2017\/03\/Localiza-tu-medico.jpg?resize=350%2C200&ssl=1","width":350,"height":200},"classes":[]}],"jetpack_likes_enabled":true,"_links":{"self":[{"href":"https:\/\/cirugiaplasticagallega.es\/portal\/wp-json\/wp\/v2\/pages\/1472"}],"collection":[{"href":"https:\/\/cirugiaplasticagallega.es\/portal\/wp-json\/wp\/v2\/pages"}],"about":[{"href":"https:\/\/cirugiaplasticagallega.es\/portal\/wp-json\/wp\/v2\/types\/page"}],"author":[{"embeddable":true,"href":"https:\/\/cirugiaplasticagallega.es\/portal\/wp-json\/wp\/v2\/users\/1"}],"replies":[{"embeddable":true,"href":"https:\/\/cirugiaplasticagallega.es\/portal\/wp-json\/wp\/v2\/comments?post=1472"}],"version-history":[{"count":6,"href":"https:\/\/cirugiaplasticagallega.es\/portal\/wp-json\/wp\/v2\/pages\/1472\/revisions"}],"predecessor-version":[{"id":1518,"href":"https:\/\/cirugiaplasticagallega.es\/portal\/wp-json\/wp\/v2\/pages\/1472\/revisions\/1518"}],"wp:featuredmedia":[{"embeddable":true,"href":"https:\/\/cirugiaplasticagallega.es\/portal\/wp-json\/wp\/v2\/media\/1883"}],"wp:attachment":[{"href":"https:\/\/cirugiaplasticagallega.es\/portal\/wp-json\/wp\/v2\/media?parent=1472"}],"curies":[{"name":"wp","href":"https:\/\/api.w.org\/{rel}","templated":true}]}}