{"id":1637,"date":"2016-09-24T19:51:14","date_gmt":"2016-09-24T19:51:14","guid":{"rendered":"http:\/\/cirugiaplasticagallega.es\/portal\/?page_id=1637"},"modified":"2017-02-17T12:46:24","modified_gmt":"2017-02-17T11:46:24","slug":"blaferoplastia","status":"publish","type":"page","link":"http:\/\/cirugiaplasticagallega.es\/portal\/blaferoplastia\/","title":{"rendered":"Bl\u00e9faroplastia"},"content":{"rendered":"<p><strong><img data-attachment-id=\"1863\" data-permalink=\"http:\/\/cirugiaplasticagallega.es\/portal\/blaferoplastia\/blefaroplastia\/\" data-orig-file=\"http:\/\/cirugiaplasticagallega.es\/portal\/wp-content\/uploads\/2016\/09\/blefaroplastia.jpg\" data-orig-size=\"753,404\" data-comments-opened=\"0\" data-image-meta=\"{&quot;aperture&quot;:&quot;0&quot;,&quot;credit&quot;:&quot;&quot;,&quot;camera&quot;:&quot;&quot;,&quot;caption&quot;:&quot;&quot;,&quot;created_timestamp&quot;:&quot;0&quot;,&quot;copyright&quot;:&quot;&quot;,&quot;focal_length&quot;:&quot;0&quot;,&quot;iso&quot;:&quot;0&quot;,&quot;shutter_speed&quot;:&quot;0&quot;,&quot;title&quot;:&quot;&quot;,&quot;orientation&quot;:&quot;1&quot;}\" data-image-title=\"blefaroplastia\" data-image-description=\"\" data-image-caption=\"\" data-medium-file=\"http:\/\/cirugiaplasticagallega.es\/portal\/wp-content\/uploads\/2016\/09\/blefaroplastia-300x161.jpg\" data-large-file=\"http:\/\/cirugiaplasticagallega.es\/portal\/wp-content\/uploads\/2016\/09\/blefaroplastia.jpg\" decoding=\"async\" loading=\"lazy\" class=\"aligncenter wp-image-1863\" src=\"http:\/\/cirugiaplasticagallega.es\/portal\/wp-content\/uploads\/2016\/09\/blefaroplastia.jpg\" alt=\"blefaroplastia\" width=\"912\" height=\"489\" srcset=\"http:\/\/cirugiaplasticagallega.es\/portal\/wp-content\/uploads\/2016\/09\/blefaroplastia.jpg 753w, http:\/\/cirugiaplasticagallega.es\/portal\/wp-content\/uploads\/2016\/09\/blefaroplastia-300x161.jpg 300w\" sizes=\"(max-width: 912px) 100vw, 912px\" \/>Con este nombre se designa al procedimiento de Cirug\u00eda Pl\u00e1stica de los p\u00e1rpados, aunque su utilizaci\u00f3n m\u00e1s habitual se refiere a su correcci\u00f3n est\u00e9tica.<\/strong><\/p>\n<p>Esta cirug\u00eda est\u00e1 llamada a corregir el exceso de piel de los p\u00e1rpados que lleva a la formaci\u00f3n de pliegues, la redundancia del m\u00fasculo orbicular, prolapso de la grasa intraorbitaria que forman las bolsas y desplazamiento de la ceja fundamentalmente de la porci\u00f3n externa de la cola. <strong>La blefaroplastia puede ser transconjuntival o cl\u00e1sica dependiendo de la t\u00e9cnica que su cirujano le aconseje.<\/strong><\/p>\n<p><strong><a style=\"color: #003366;\" href=\"https:\/\/secpre.org\/pacientes\/cirugia-estetica\/cirug%C3%ADa-facial\/cirug%C3%ADa-de-los-p%C3%A1rpados\"><u>M\u00e1s informaci\u00f3n en SECPRE.<\/u><\/a><\/strong><\/p>\n","protected":false},"excerpt":{"rendered":"<p>Con este nombre se designa al procedimiento de Cirug\u00eda Pl\u00e1stica de los p\u00e1rpados, aunque su utilizaci\u00f3n m\u00e1s habitual se refiere a su correcci\u00f3n est\u00e9tica. Esta cirug\u00eda est\u00e1 llamada a corregir el exceso de piel de los p\u00e1rpados que lleva a la formaci\u00f3n de pliegues, la redundancia del m\u00fasculo orbicular, prolapso de la grasa intraorbitaria que &#8230;<\/p>\n","protected":false},"author":1,"featured_media":1725,"parent":0,"menu_order":0,"comment_status":"closed","ping_status":"closed","template":"","meta":{"jetpack_post_was_ever_published":false},"jetpack_sharing_enabled":true,"jetpack_shortlink":"https:\/\/wp.me\/P7TP32-qp","jetpack-related-posts":[{"id":2071,"url":"http:\/\/cirugiaplasticagallega.es\/portal\/dr-juan-ramon-sanz-gimenez-rico\/","url_meta":{"origin":1637,"position":0},"title":"Dr. Juan Ram\u00f3n Sanz Gim\u00e9nez-Rico","date":"26 abril, 2017","format":false,"excerpt":"Dr. Juan Ram\u00f3n Sanz Gim\u00e9nez-Rico\u00a0 Provincias de actuaci\u00f3n :\u00a0Santander y Valladolid. Correo Electr\u00f3nico\u00a0: informacion@plasticadrsanz.com P\u00e1gina Web : www.plasticadrsanz.com Tel\u00e9fonos y datos de contacto por sede : SANTANDER (CANTABRIA) Tel\u00e9fono: 942 037 404 WhatsApp: (+34) 666 00 77 77 Direcci\u00f3n: C\/ Calvo Sotelo 17, 1\u00ba \u2013 39002 Santander Email: informacion@plasticadrsanz.com VALLADOLID\u2026","rel":"","context":"Entrada similar","img":{"alt_text":"","src":"https:\/\/i0.wp.com\/cirugiaplasticagallega.es\/portal\/wp-content\/uploads\/2017\/03\/Localiza-tu-medico.jpg?resize=350%2C200","width":350,"height":200},"classes":[]},{"id":1593,"url":"http:\/\/cirugiaplasticagallega.es\/portal\/quemados\/","url_meta":{"origin":1637,"position":1},"title":"Quemados","date":"23 septiembre, 2016","format":false,"excerpt":"Las quemaduras son un tipo muy espec\u00edfico de lesi\u00f3n de los tejidos blandos y sus estructuras adyacentes, producidas por agentes f\u00edsicos, sustancias qu\u00edmicas, corriente el\u00e9ctrica, fr\u00edo o radiaci\u00f3n. Los pacientes quemados sufren un grave traumatismo que genera alteraciones locales graves, con una repercusi\u00f3n que afecta a casi todos los sistemas\u2026","rel":"","context":"Entrada similar","img":{"alt_text":"","src":"https:\/\/i0.wp.com\/cirugiaplasticagallega.es\/portal\/wp-content\/uploads\/2016\/09\/cirugiareparadora.jpg?resize=350%2C200","width":350,"height":200},"classes":[]},{"id":1641,"url":"http:\/\/cirugiaplasticagallega.es\/portal\/lifting-facial-ritidectomia\/","url_meta":{"origin":1637,"position":2},"title":"Lifting facial &#8211; Ritidectom\u00eda","date":"24 septiembre, 2016","format":false,"excerpt":"Es el nombre t\u00e9cnico para designar a los lifting o estiramientos faciales, y cuya finalidad radica en el tratamiento del envejecimiento cut\u00e1neo facial. En nuestra sociedad es un hecho constatable que la esperanza de vida es cada vez mayor. Es trabajo del Cirujano Pl\u00e1stico que el paciente tenga unas expectativas\u2026","rel":"","context":"Entrada similar","img":{"alt_text":"","src":"https:\/\/i0.wp.com\/cirugiaplasticagallega.es\/portal\/wp-content\/uploads\/2016\/09\/cirugiaestetica-2.jpg?resize=350%2C200","width":350,"height":200},"classes":[]},{"id":1469,"url":"http:\/\/cirugiaplasticagallega.es\/portal\/cirugia-plastica-y-reparadora\/","url_meta":{"origin":1637,"position":3},"title":"Cirug\u00eda Pl\u00e1stica y Reparadora","date":"15 septiembre, 2016","format":false,"excerpt":"La Cirug\u00eda Pl\u00e1stica y Reparadora El Cirujano Pl\u00e1stico, Reparador y Est\u00e9tico es un Licenciado en Medicina y Cirug\u00eda (6 a\u00f1os) que supera un examen-oposici\u00f3n a nivel nacional para obtener un puesto con la debida formaci\u00f3n pr\u00e1ctica durante 5 a\u00f1os de especializaci\u00f3n en un Hospital acreditado v\u00eda M.I.R., que realiza intervenciones\u2026","rel":"","context":"Entrada similar","img":{"alt_text":"","src":"https:\/\/i0.wp.com\/cirugiaplasticagallega.es\/portal\/wp-content\/uploads\/2016\/09\/cirugiareparadora.jpg?resize=350%2C200","width":350,"height":200},"classes":[]},{"id":1472,"url":"http:\/\/cirugiaplasticagallega.es\/portal\/que-hacemos\/","url_meta":{"origin":1637,"position":4},"title":"\u00bfqu\u00e9 hacemos?","date":"15 septiembre, 2016","format":false,"excerpt":"\u00bfQu\u00e9 hacemos en la SGCPRE? La Cirug\u00eda Pl\u00e1stica, Reparadora y Est\u00e9tica es una rama de la Cirug\u00eda que se ocupa de la correcci\u00f3n de todo proceso cong\u00e9nito, adquirido, tumoral o simplemente involutivo, que requiera reparaci\u00f3n o reposici\u00f3n de estructuras, o que afecte a la forma y\/o funci\u00f3n corporal. No presenta,\u2026","rel":"","context":"Entrada similar","img":{"alt_text":"","src":"https:\/\/i0.wp.com\/cirugiaplasticagallega.es\/portal\/wp-content\/uploads\/2016\/09\/quehacemos.jpg?resize=350%2C200","width":350,"height":200},"classes":[]},{"id":1504,"url":"http:\/\/cirugiaplasticagallega.es\/portal\/cirugia-estetica\/","url_meta":{"origin":1637,"position":5},"title":"Cirug\u00eda Est\u00e9tica","date":"15 septiembre, 2016","format":false,"excerpt":"La Cirug\u00eda Est\u00e9tica Debe de tener en cuenta que la Especialidad M\u00e9dica de cirug\u00eda est\u00e9tica como tal no existe, al igual que no existe el t\u00edtulo de cirujano est\u00e9tico o el de m\u00e9dico est\u00e9tico; s\u00f3lo los Cirujanos Pl\u00e1sticos, Reparadores y Est\u00e9ticos est\u00e1n avalados oficialmente por titulaci\u00f3n y conocimiento para la\u2026","rel":"","context":"Entrada similar","img":{"alt_text":"","src":"https:\/\/i0.wp.com\/cirugiaplasticagallega.es\/portal\/wp-content\/uploads\/2016\/09\/cirugiaestetica-2.jpg?resize=350%2C200","width":350,"height":200},"classes":[]}],"jetpack_likes_enabled":true,"_links":{"self":[{"href":"http:\/\/cirugiaplasticagallega.es\/portal\/wp-json\/wp\/v2\/pages\/1637"}],"collection":[{"href":"http:\/\/cirugiaplasticagallega.es\/portal\/wp-json\/wp\/v2\/pages"}],"about":[{"href":"http:\/\/cirugiaplasticagallega.es\/portal\/wp-json\/wp\/v2\/types\/page"}],"author":[{"embeddable":true,"href":"http:\/\/cirugiaplasticagallega.es\/portal\/wp-json\/wp\/v2\/users\/1"}],"replies":[{"embeddable":true,"href":"http:\/\/cirugiaplasticagallega.es\/portal\/wp-json\/wp\/v2\/comments?post=1637"}],"version-history":[{"count":5,"href":"http:\/\/cirugiaplasticagallega.es\/portal\/wp-json\/wp\/v2\/pages\/1637\/revisions"}],"predecessor-version":[{"id":1964,"href":"http:\/\/cirugiaplasticagallega.es\/portal\/wp-json\/wp\/v2\/pages\/1637\/revisions\/1964"}],"wp:featuredmedia":[{"embeddable":true,"href":"http:\/\/cirugiaplasticagallega.es\/portal\/wp-json\/wp\/v2\/media\/1725"}],"wp:attachment":[{"href":"http:\/\/cirugiaplasticagallega.es\/portal\/wp-json\/wp\/v2\/media?parent=1637"}],"curies":[{"name":"wp","href":"https:\/\/api.w.org\/{rel}","templated":true}]}}